{"id":98,"date":"2024-05-22T16:00:35","date_gmt":"2024-05-22T16:00:35","guid":{"rendered":"https:\/\/www.inf.ufrgs.br\/inova-me\/?page_id=98"},"modified":"2025-04-17T18:09:00","modified_gmt":"2025-04-17T18:09:00","slug":"calendario-academico-do-curso-inova-me","status":"publish","type":"page","link":"https:\/\/www.inf.ufrgs.br\/inova-me\/calendario-academico-do-curso-inova-me\/","title":{"rendered":"Calend\u00e1rio Acad\u00eamico do Curso INOVA-ME"},"content":{"rendered":"\n<p class=\"has-text-align-center\"><strong>FASE 1<\/strong><\/p>\n\n\n\n<p><strong>20\/05\/2024 &#8211; 08\/07\/2024<\/strong> &#8211; Matr\u00edcula dos alunos selecionados para a fase 1 do curso INOVA-ME (matr\u00edcula por email)<\/p>\n\n\n\n<p><strong>14\/10\/2024 <\/strong>&#8211; Aula inaugural e apresenta\u00e7\u00e3o do curso INOVA-ME no INF-UFRGS &#8211; presencial no anfiteatro pr\u00e9dio 43413<\/p>\n\n\n\n<p><strong>15\/10\/2024<\/strong> &#8211; Palestras Empresas e Egressos &#8211; presencial no anfiteatro pr\u00e9dio 43413<\/p>\n\n\n\n<p><strong>16\/10\/2024<\/strong> &#8211; Palestras Empresas e Egressos &#8211; presencial no anfiteatro pr\u00e9dio 43413<\/p>\n\n\n\n<p><strong>17\/10\/2024<\/strong> &#8211; Palestras Egressos remoto (n\u00e3o haver\u00e1 atividade no campus) e o link para acesso \u00e9 <\/p>\n\n\n\n<p><a href=\"https:\/\/mconf.ufrgs.br\/webconf\/inova-me\">https:\/\/mconf.ufrgs.br\/webconf\/inova-me<\/a><\/p>\n\n\n\n<p><strong><a href=\"https:\/\/docs.google.com\/spreadsheets\/d\/1f65ZDO1W1oQxfD3kggbN-Lr90VdntcflNuzAvofP9nI\/edit?gid=0#gid=0\" data-type=\"link\" data-id=\"https:\/\/docs.google.com\/spreadsheets\/d\/1f65ZDO1W1oQxfD3kggbN-Lr90VdntcflNuzAvofP9nI\/edit?gid=0#gid=0\">Acesse aqui a Programa\u00e7\u00e3o Completa da SEMANA de INAUGURA\u00c7\u00c3O do CURSO CI-INOVADOR POLO UFRGS.<\/a><\/strong><\/p>\n\n\n\n<figure class=\"wp-block-image size-large is-resized\"><img loading=\"lazy\" decoding=\"async\" width=\"1024\" height=\"331\" src=\"https:\/\/www.inf.ufrgs.br\/inova-me\/wp-content\/uploads\/2024\/10\/Programa_abertura_CI-INOVADOR_UFRGS_out24-1024x331.png\" alt=\"\" class=\"wp-image-246\" style=\"width:620px;height:auto\" srcset=\"https:\/\/www.inf.ufrgs.br\/inova-me\/wp-content\/uploads\/2024\/10\/Programa_abertura_CI-INOVADOR_UFRGS_out24-1024x331.png 1024w, https:\/\/www.inf.ufrgs.br\/inova-me\/wp-content\/uploads\/2024\/10\/Programa_abertura_CI-INOVADOR_UFRGS_out24-300x97.png 300w, https:\/\/www.inf.ufrgs.br\/inova-me\/wp-content\/uploads\/2024\/10\/Programa_abertura_CI-INOVADOR_UFRGS_out24-768x248.png 768w, https:\/\/www.inf.ufrgs.br\/inova-me\/wp-content\/uploads\/2024\/10\/Programa_abertura_CI-INOVADOR_UFRGS_out24-1536x496.png 1536w, https:\/\/www.inf.ufrgs.br\/inova-me\/wp-content\/uploads\/2024\/10\/Programa_abertura_CI-INOVADOR_UFRGS_out24-2048x661.png 2048w\" sizes=\"(max-width: 1024px) 100vw, 1024px\" \/><\/figure>\n\n\n\n<p>Patrocinado em parte por:<\/p>\n\n\n\n<figure class=\"wp-block-image size-full\"><img loading=\"lazy\" decoding=\"async\" width=\"326\" height=\"154\" src=\"https:\/\/www.inf.ufrgs.br\/inova-me\/wp-content\/uploads\/2024\/10\/abisemi_logo.jpeg\" alt=\"\" class=\"wp-image-231\" srcset=\"https:\/\/www.inf.ufrgs.br\/inova-me\/wp-content\/uploads\/2024\/10\/abisemi_logo.jpeg 326w, https:\/\/www.inf.ufrgs.br\/inova-me\/wp-content\/uploads\/2024\/10\/abisemi_logo-300x142.jpeg 300w\" sizes=\"(max-width: 326px) 100vw, 326px\" \/><\/figure>\n\n\n\n<p><strong>21\/10\/2024<\/strong> &#8211; In\u00edcio das aulas presenciais para todas as trilhas: SD, AMS e RF no audit\u00f3rio Jos\u00e9 Castilho &#8211; Pr\u00e9dio 43424.<\/p>\n\n\n\n<p><strong>Recessos<\/strong>: <mark style=\"background-color:rgba(0, 0, 0, 0)\" class=\"has-inline-color has-custom-color-1-color\">21\/12\/2024 a 05\/01\/2025<\/mark> e <mark style=\"background-color:rgba(0, 0, 0, 0)\" class=\"has-inline-color has-custom-color-1-color\">01\/03\/2025 a 09\/03\/2025<\/mark>.<\/p>\n\n\n\n<p><strong>Abril de 2025<\/strong> &#8211; Per\u00edodo de Avalia\u00e7\u00e3o, Feiras e sele\u00e7\u00e3o para a FASE 2 do INOVA-ME no INF-UFRGS<\/p>\n\n\n\n<p>Entrega do Documento do trabalho de conclus\u00e3o no MOODLE at\u00e9 dia <strong>18\/04\/2025.<\/strong> <\/p>\n\n\n\n<p>Data das provas: <strong>22\/04\/2025 e 23\/04\/2025.<\/strong><\/p>\n\n\n\n<p><strong>24\/04\/2025<\/strong> &#8211; Dia 1 da Apresenta\u00e7\u00e3o dos trabalhos de conclus\u00e3o &#8211; JOBFAIR DAY 1<\/p>\n\n\n\n<p><strong>25\/04\/2025<\/strong> &#8211; Dia 2 da Apresenta\u00e7\u00e3o dos trabalhos de conclus\u00e3o &#8211; JOBFAIR DAY 2<\/p>\n\n\n\n<p><strong><mark style=\"background-color:rgba(0, 0, 0, 0)\" class=\"has-inline-color has-custom-color-1-color\">Calendario Completo:<\/mark><\/strong><\/p>\n\n\n\n<p><strong><a href=\"https:\/\/docs.google.com\/spreadsheets\/d\/1MNlqnWERtq7BvgXH3KYjBcxPMvvOaGrM\/edit?usp=sharing&amp;ouid=101309125241204815718&amp;rtpof=true&amp;sd=true\">Acesse aqui o Cronograma completo dia a dia da FASE 1 &#8211; CI-INOVADOR POLO UFRGS. <\/a><\/strong><\/p>\n\n\n\n<figure class=\"wp-block-image size-full\"><img loading=\"lazy\" decoding=\"async\" width=\"424\" height=\"540\" src=\"https:\/\/www.inf.ufrgs.br\/inova-me\/wp-content\/uploads\/2024\/10\/programa_resumo_local_inova-me-copy-2.jpg\" alt=\"\" class=\"wp-image-240\" srcset=\"https:\/\/www.inf.ufrgs.br\/inova-me\/wp-content\/uploads\/2024\/10\/programa_resumo_local_inova-me-copy-2.jpg 424w, https:\/\/www.inf.ufrgs.br\/inova-me\/wp-content\/uploads\/2024\/10\/programa_resumo_local_inova-me-copy-2-236x300.jpg 236w\" sizes=\"(max-width: 424px) 100vw, 424px\" \/><\/figure>\n\n\n\n<p><\/p>\n\n\n\n<p class=\"has-text-align-center\"><strong>FASE 2<\/strong><\/p>\n\n\n\n<p>Abril a Outubro de 2025<\/p>\n\n\n\n<p>Miss\u00e3o internacional: Setembro e Outubro de 2025<\/p>\n\n\n\n<p>5\/5\/2025 9h Reuni\u00e3o sobre a Fase 2 &#8211; Audit\u00f3rio Jose Castilhos<\/p>\n\n\n","protected":false},"excerpt":{"rendered":"<p>FASE 1 20\/05\/2024 &#8211; 08\/07\/2024 &#8211; Matr\u00edcula dos alunos selecionados para a fase 1 do curso INOVA-ME (matr\u00edcula por email) 14\/10\/2024 &#8211; Aula inaugural e apresenta\u00e7\u00e3o do curso INOVA-ME no INF-UFRGS &#8211; presencial no anfiteatro pr\u00e9dio 43413 15\/10\/2024 &#8211; Palestras Empresas e Egressos &#8211; presencial no anfiteatro pr\u00e9dio 43413 16\/10\/2024 &#8211; Palestras Empresas e Egressos [&hellip;]<\/p>\n","protected":false},"author":1,"featured_media":0,"parent":0,"menu_order":0,"comment_status":"closed","ping_status":"closed","template":"","meta":{"footnotes":""},"_links":{"self":[{"href":"https:\/\/www.inf.ufrgs.br\/inova-me\/wp-json\/wp\/v2\/pages\/98"}],"collection":[{"href":"https:\/\/www.inf.ufrgs.br\/inova-me\/wp-json\/wp\/v2\/pages"}],"about":[{"href":"https:\/\/www.inf.ufrgs.br\/inova-me\/wp-json\/wp\/v2\/types\/page"}],"author":[{"embeddable":true,"href":"https:\/\/www.inf.ufrgs.br\/inova-me\/wp-json\/wp\/v2\/users\/1"}],"replies":[{"embeddable":true,"href":"https:\/\/www.inf.ufrgs.br\/inova-me\/wp-json\/wp\/v2\/comments?post=98"}],"version-history":[{"count":22,"href":"https:\/\/www.inf.ufrgs.br\/inova-me\/wp-json\/wp\/v2\/pages\/98\/revisions"}],"predecessor-version":[{"id":328,"href":"https:\/\/www.inf.ufrgs.br\/inova-me\/wp-json\/wp\/v2\/pages\/98\/revisions\/328"}],"wp:attachment":[{"href":"https:\/\/www.inf.ufrgs.br\/inova-me\/wp-json\/wp\/v2\/media?parent=98"}],"curies":[{"name":"wp","href":"https:\/\/api.w.org\/{rel}","templated":true}]}}