{"id":6411,"date":"2024-02-23T10:21:00","date_gmt":"2024-02-23T13:21:00","guid":{"rendered":"https:\/\/www.inf.ufrgs.br\/ppgc\/?page_id=6411"},"modified":"2025-07-07T21:22:42","modified_gmt":"2025-07-08T00:22:42","slug":"selecao-aluno-especial-2024-1","status":"publish","type":"page","link":"https:\/\/www.inf.ufrgs.br\/ppgc\/aluno-especial\/selecao-aluno-especial-2024-1\/","title":{"rendered":"Sele\u00e7\u00e3o 2024\/1"},"content":{"rendered":"<h3 style=\"text-align: center;\"><strong>Edital Sele\u00e7\u00e3o Aluno Especial &#8211; 2024\/1<br \/>\n<\/strong><\/h3>\n<p>Foi divulgado<strong> edital<\/strong> para sele\u00e7\u00e3o de Aluno Especial com ingresso em 2024\/1, o qual pode ser acessado pelo <a href=\"http:\/\/www.inf.ufrgs.br\/ppgc\/wp-content\/uploads\/2024\/02\/Edital-PPGC-001-2024_Aluno-Especial.pdf\">link.<\/a><\/p>\n<hr \/>\n<p>Conforme<strong> Primeiro Termo Aditivo<\/strong> ao edital, dispon\u00edvel pelo <a href=\"http:\/\/www.inf.ufrgs.br\/ppgc\/wp-content\/uploads\/2024\/03\/primeiro-aditivo-edital-PPGC-001-2024_aluno-especial_v1.pdf\">link<\/a>, o processo de inscri\u00e7\u00e3o e sele\u00e7\u00e3o como aluno especial para o semestre 2024\/1 seguir\u00e1 o seguinte calend\u00e1rio:<\/p>\n<table class=\"table-border-1px-gray\" style=\"width: 650px;\">\n<tbody>\n<tr>\n<td style=\"width: 191px;\">26\/02\/2024 \u00e0 10\/03\/2024<\/td>\n<td style=\"width: 443.344px;\">Inscri\u00e7\u00e3o online de Alunos Especiais<\/td>\n<\/tr>\n<tr>\n<td style=\"width: 191px;\">11\/03\/2024<\/td>\n<td style=\"width: 443.344px;\">Data limite para a comprova\u00e7\u00e3o do pagamento da taxa de<br \/>\ninscri\u00e7\u00e3o<\/td>\n<\/tr>\n<tr>\n<td style=\"width: 191px;\">12\/03\/2024 (10hs &#8211; 17hs)<\/td>\n<td style=\"width: 443.344px;\">Per\u00edodo de Sele\u00e7\u00e3o<\/td>\n<\/tr>\n<\/tbody>\n<\/table>\n<p>Ficam as demais disposi\u00e7\u00f5es e datas inalteradas.<\/p>\n<hr \/>\n<h3 style=\"text-align: center;\">Resultado da Sele\u00e7\u00e3o de Aluno Especial &#8211; 2024\/1<\/h3>\n<p>O resultado da sele\u00e7\u00e3o de Aluno Especial est\u00e1 dispon\u00edvel no <a href=\"http:\/\/www.inf.ufrgs.br\/ppgc\/wp-content\/uploads\/2024\/03\/Aluno_Especial_2024_1_resultado.pdf\">link.<\/a> Quaisquer d\u00favidas ou informa\u00e7\u00f5es adicionais entre em contato com o PPGC pelo e-mail <a href=\"mailto:ppgc@inf.ufrgs.br\">ppgc@inf.ufrgs.br<\/a>.<\/p>\n<hr \/>\n<ul>\n<li>As inscri\u00e7\u00f5es s\u00e3o feitas somente atrav\u00e9s do <a href=\"https:\/\/www.inf.ufrgs.br\/ppgc\/applying\">Sistema de Inscri\u00e7\u00f5es do PPGC<\/a>.<\/li>\n<li>Visite a\u00a0<a href=\"https:\/\/www.inf.ufrgs.br\/ppgc\/mestrado\/faq-selecao-msc\/\">P\u00e1gina de Perguntas Frequentes<\/a> para tirar suas d\u00favidas sobre o processo de aplica\u00e7\u00e3o.<\/li>\n<li>Caso a d\u00favida persista, favor entrar em contato atrav\u00e9s do e-mail <a href=\"mailto:ppgc@inf.ufrgs.br\">ppgc@inf.ufrgs.br<\/a>.<\/li>\n<\/ul>\n","protected":false},"excerpt":{"rendered":"<p>Edital Sele\u00e7\u00e3o Aluno Especial &#8211; 2024\/1 Foi divulgado edital para sele\u00e7\u00e3o de Aluno Especial com ingresso em 2024\/1, o qual pode ser acessado pelo link. Conforme Primeiro Termo Aditivo ao edital, dispon\u00edvel pelo link, o processo de inscri\u00e7\u00e3o e sele\u00e7\u00e3o como aluno especial para o semestre 2024\/1 seguir\u00e1 o seguinte calend\u00e1rio: 26\/02\/2024 \u00e0 10\/03\/2024 Inscri\u00e7\u00e3o [&hellip;]<\/p>\n","protected":false},"author":24,"featured_media":0,"parent":394,"menu_order":3,"comment_status":"closed","ping_status":"closed","template":"","meta":[],"_links":{"self":[{"href":"https:\/\/www.inf.ufrgs.br\/ppgc\/wp-json\/wp\/v2\/pages\/6411"}],"collection":[{"href":"https:\/\/www.inf.ufrgs.br\/ppgc\/wp-json\/wp\/v2\/pages"}],"about":[{"href":"https:\/\/www.inf.ufrgs.br\/ppgc\/wp-json\/wp\/v2\/types\/page"}],"author":[{"embeddable":true,"href":"https:\/\/www.inf.ufrgs.br\/ppgc\/wp-json\/wp\/v2\/users\/24"}],"replies":[{"embeddable":true,"href":"https:\/\/www.inf.ufrgs.br\/ppgc\/wp-json\/wp\/v2\/comments?post=6411"}],"version-history":[{"count":8,"href":"https:\/\/www.inf.ufrgs.br\/ppgc\/wp-json\/wp\/v2\/pages\/6411\/revisions"}],"predecessor-version":[{"id":6544,"href":"https:\/\/www.inf.ufrgs.br\/ppgc\/wp-json\/wp\/v2\/pages\/6411\/revisions\/6544"}],"up":[{"embeddable":true,"href":"https:\/\/www.inf.ufrgs.br\/ppgc\/wp-json\/wp\/v2\/pages\/394"}],"wp:attachment":[{"href":"https:\/\/www.inf.ufrgs.br\/ppgc\/wp-json\/wp\/v2\/media?parent=6411"}],"curies":[{"name":"wp","href":"https:\/\/api.w.org\/{rel}","templated":true}]}}