{"id":7629,"date":"2026-04-22T16:30:41","date_gmt":"2026-04-22T19:30:41","guid":{"rendered":"https:\/\/www.inf.ufrgs.br\/profcomp\/?page_id=7629"},"modified":"2026-04-22T16:30:58","modified_gmt":"2026-04-22T19:30:58","slug":"bolsas","status":"publish","type":"page","link":"https:\/\/www.inf.ufrgs.br\/profcomp\/ingresso\/bolsas\/","title":{"rendered":"Bolsas"},"content":{"rendered":"<p>Edital de Sele\u00e7\u00e3o de Bolsista 2026 em <a href=\"https:\/\/www.sbc.org.br\/wp-content\/uploads\/2026\/03\/Edital-de-Bolsas-PROFCOMP-2026-Ret.pdf\" target=\"_blank\" rel=\"noopener\">https:\/\/www.sbc.org.br\/wp-content\/uploads\/2026\/03\/Edital-de-Bolsas-PROFCOMP-2026-Ret.pdf<\/a><\/p>\n<p><strong>Classifica\u00e7\u00e3o\u00a0<\/strong><\/p>\n<pre>Categoria Ampla Concorr\u00eancia\r\n1.\tB\u00e1rbara Montelli\r\n2.\tDeise Esmerio Schnidger\r\n3.\tThaiane Londero Neves\r\n4.\tFrancieli Marques de Almeida Goetz\r\n5.\tMaurice Guterres Brand\u00e3o\r\n6.\tEliana Kuhn Blaszczekievicz\r\n7.\tAdriana dos Santos da Silveira\r\n8.\tCl\u00e1udia Elisabete Str\u00e4her\r\n9.\tLouise Fetzner Lima de Almeida\r\n10.\tCaroline Rodrigues de Lima Poggetti\r\n11.\tMuriel Menegaz Portal\r\n12.\tBruna Cover Geremia\r\n13.\tJonathan Felipe Keller\r\n14.\tMarcos Herrmann\r\n15.\tLucas Portilho\r\n16.\tK\u00e1tia Terezinha Lenfers\r\n\r\nCategoria A\u00e7\u00f5es Afirmativas\r\n1.\tLeomar Antonio da Silva\r\n2.\tVivian Coimbra<\/pre>\n","protected":false},"excerpt":{"rendered":"<p>Edital de Sele\u00e7\u00e3o de Bolsista 2026 em https:\/\/www.sbc.org.br\/wp-content\/uploads\/2026\/03\/Edital-de-Bolsas-PROFCOMP-2026-Ret.pdf Classifica\u00e7\u00e3o\u00a0 Categoria Ampla Concorr\u00eancia 1. B\u00e1rbara Montelli 2. Deise Esmerio Schnidger 3. Thaiane Londero Neves 4. Francieli Marques de Almeida Goetz 5. Maurice Guterres Brand\u00e3o 6. Eliana Kuhn Blaszczekievicz 7. Adriana dos Santos da Silveira 8. Cl\u00e1udia Elisabete Str\u00e4her 9. Louise Fetzner Lima de Almeida 10. Caroline [&hellip;]<\/p>\n","protected":false},"author":27,"featured_media":0,"parent":7438,"menu_order":0,"comment_status":"closed","ping_status":"closed","template":"","meta":[],"_links":{"self":[{"href":"https:\/\/www.inf.ufrgs.br\/profcomp\/wp-json\/wp\/v2\/pages\/7629"}],"collection":[{"href":"https:\/\/www.inf.ufrgs.br\/profcomp\/wp-json\/wp\/v2\/pages"}],"about":[{"href":"https:\/\/www.inf.ufrgs.br\/profcomp\/wp-json\/wp\/v2\/types\/page"}],"author":[{"embeddable":true,"href":"https:\/\/www.inf.ufrgs.br\/profcomp\/wp-json\/wp\/v2\/users\/27"}],"replies":[{"embeddable":true,"href":"https:\/\/www.inf.ufrgs.br\/profcomp\/wp-json\/wp\/v2\/comments?post=7629"}],"version-history":[{"count":1,"href":"https:\/\/www.inf.ufrgs.br\/profcomp\/wp-json\/wp\/v2\/pages\/7629\/revisions"}],"predecessor-version":[{"id":7630,"href":"https:\/\/www.inf.ufrgs.br\/profcomp\/wp-json\/wp\/v2\/pages\/7629\/revisions\/7630"}],"up":[{"embeddable":true,"href":"https:\/\/www.inf.ufrgs.br\/profcomp\/wp-json\/wp\/v2\/pages\/7438"}],"wp:attachment":[{"href":"https:\/\/www.inf.ufrgs.br\/profcomp\/wp-json\/wp\/v2\/media?parent=7629"}],"curies":[{"name":"wp","href":"https:\/\/api.w.org\/{rel}","templated":true}]}}